{"id":22,"date":"2024-05-08T12:24:50","date_gmt":"2024-05-08T10:24:50","guid":{"rendered":"https:\/\/www.proforum.sk\/?page_id=22"},"modified":"2024-08-08T15:46:34","modified_gmt":"2024-08-08T13:46:34","slug":"o-nas","status":"publish","type":"page","link":"https:\/\/www.proforum.sk\/?page_id=22","title":{"rendered":"O n\u00e1s"},"content":{"rendered":"\n<div class=\"wp-block-columns is-layout-flex wp-container-core-columns-is-layout-1 wp-block-columns-is-layout-flex\">\n<div class=\"wp-block-column is-vertically-aligned-center is-layout-flow wp-block-column-is-layout-flow\"><div class=\"wp-block-image\">\n<figure class=\"aligncenter size-full is-resized\"><img loading=\"lazy\" decoding=\"async\" width=\"500\" height=\"500\" src=\"https:\/\/www.proforum.sk\/wp-content\/uploads\/2024\/05\/Foto-BSCH-1.jpg\" alt=\"\" class=\"wp-image-142\" style=\"width:276px;height:auto\" srcset=\"https:\/\/www.proforum.sk\/wp-content\/uploads\/2024\/05\/Foto-BSCH-1.jpg 500w, https:\/\/www.proforum.sk\/wp-content\/uploads\/2024\/05\/Foto-BSCH-1-300x300.jpg 300w, https:\/\/www.proforum.sk\/wp-content\/uploads\/2024\/05\/Foto-BSCH-1-150x150.jpg 150w\" sizes=\"auto, (max-width: 500px) 100vw, 500px\" \/><\/figure><\/div><\/div>\n\n\n\n<div class=\"wp-block-column is-layout-flow wp-block-column-is-layout-flow\">\n<p>Na za\u010diatku 21. storo\u010dia sa mus\u00edme vyrovna\u0165 s poznan\u00edm, \u017ee \u017eijeme v inom svete ako doteraz. Tento nov\u00fd svet formuje pokra\u010duj\u00faca globaliz\u00e1cia, roz\u0161irovanie a prehlbovanie eur\u00f3pskej integr\u00e1cie, n\u00e1stup informa\u010dnej revol\u00facie a jej d\u00f4sledkov na ka\u017ed\u00fa str\u00e1nku \u017eivota spolo\u010dnosti, ako aj in\u00e9 z\u00e1va\u017en\u00e9 spolo\u010densk\u00e9 premeny a procesy vlastn\u00e9 slovenskej spolo\u010dnosti. Vyrovna\u0165 sa treba s nimi v na\u0161om vedom\u00ed, lebo je to predpoklad, aby sme na ne odpovedali adekv\u00e1tne: nielen bez najmen\u0161\u00edch spolo\u010densk\u00fdch a individu\u00e1lnych str\u00e1t, ale tak, aby sme tieto nov\u00e9 skuto\u010dnosti obr\u00e1tili v prospech spolo\u010dnosti. Preto sme sa rozhodli zalo\u017eit Proforum, \u010do je skratkou pre Progres\u00edvne f\u00f3rum.<\/p>\n<\/div>\n<\/div>\n\n\n\n<p>Cie\u013eom Profora je podporova\u0165 kon\u0161trukt\u00edvnu a vecn\u00fa diskusiu a navrhova\u0165 odpor\u00fa\u010dania o smerovan\u00ed Slovenska a jeho mieste v Eur\u00f3pe a vo svete s d\u00f4razom na meniace sa a nov\u00e9 potreby a v\u00fdzvy, o ktor\u00fdch som hovorila vy\u0161\u0161ie. Proforum vych\u00e1dza z presved\u010denia, \u017ee bud\u00facnos\u0165 slovenskej spolo\u010dnosti je v identifik\u00e1cii sa so z\u00e1kladn\u00fdmi eur\u00f3pskymi hodnotami, medzi ktor\u00fdmi zd\u00f4raz\u0148uje demokraciu, \u013eudsk\u00fa d\u00f4stojnos\u0165, solidaritu a soci\u00e1lnu s\u00fadr\u017enos\u0165. Na\u0161ou snahou je prispie\u0165 k humaniz\u00e1cii slovenskej spolo\u010dnosti, k regener\u00e1cii jej \u0161iroko ch\u00e1pan\u00e9ho kult\u00farneho rozmeru, ktor\u00fd je predpokladom jej hospod\u00e1rskeho \u00faspechu ale i cie\u013eom s\u00e1m osebe.<\/p>\n\n\n\n<p>Progres\u00edvne f\u00f3rum sa in\u0161piruje Glob\u00e1lnym progres\u00edvnym f\u00f3rom, ktor\u00e9 h\u013ead\u00e1 glob\u00e1lne odpovede na rovnak\u00e9 ot\u00e1zky: ako urobi\u0165 globaliz\u00e1ciu priate\u013eskou \u010dloveku, ako zamedzi\u0165 chudobu, ako presadi\u0165 soci\u00e1lnu spravodlivos\u0165 a ako zamedzi\u0165 environment\u00e1lnu degrad\u00e1ciu. Rozdiel je v tom, \u017ee n\u00e1\u0161 poh\u013ead vych\u00e1dza viac zo slovensk\u00fdch real\u00edt a h\u013ead\u00e1 odpovede viac v slovenskom a eur\u00f3pskom ako v glob\u00e1lnom rozmere.<\/p>\n\n\n\n<p>V\u0161etk\u00fdch, ktor\u00ed s nami zdie\u013eaj\u00fa rovnak\u00e9 hodnoty a chc\u00fa sa na procese h\u013eadania z\u00fa\u010dastni\u0165, poz\u00fdvame k spolupr\u00e1ci.<\/p>\n\n\n\n<p><\/p>\n\n\n\n<p>Ob\u010dianske zdru\u017eenie Progres\u00edvne f\u00f3rum je z\u00e1ujmov\u00e9 dobrovo\u013en\u00e9 zdru\u017eenie ob\u010danov nez\u00e1visl\u00e9 od politick\u00fdch str\u00e1n a hnut\u00ed, ktor\u00e9 vykon\u00e1va svoju \u010dinnost v s\u00falade s \u00dastavou Slovenskej republiky a s platn\u00fdmi v\u0161eobecn\u00fdmi predpismi s p\u00f4sobnos\u0165ou na \u00fazem\u00ed Slovenskej republiky.<\/p>\n\n\n\n<p>Ciele \u010dinnost\u00ed a aktiv\u00edt zdru\u017eenia s\u00fa tieto:<\/p>\n\n\n\n<p>&nbsp;&nbsp;&#8211; formovanie a sprostredkovanie alternat\u00edvnych n\u00e1zorov a pr\u00edstupov vo vn\u00fatornej a zahrani\u010dnej politike so zameran\u00edm na eur\u00f3psku integr\u00e1ciu a ekonomicko-soci\u00e1lny rozvoj<\/p>\n\n\n\n<p>&nbsp;&nbsp; &#8211; vytv\u00e1ranie podmienok pre podporu analytickej a odbornej \u010dinnosti svojich \u010dlenov smeruj\u00facej k naplneniu prv\u00e9ho cie\u013ea z progres\u00edvneho h\u013eadiska<\/p>\n\n\n\n<p>&nbsp;&nbsp;&nbsp;&#8211; organiz\u00e1cia diskusn\u00fdch f\u00f3r s predstavite\u013emi ob\u010dianskych a politick\u00fdch zdru\u017een\u00ed, ktor\u00e9 sa zaoberaj\u00fa problematikou soci\u00e1lno-ekonomick\u00e9ho a hodnotov\u00e9ho v\u00fdvoja Slovenskej republiky v kontexte Eur\u00f3pskej \u00fanie<\/p>\n\n\n\n<p>&nbsp;&nbsp;&nbsp;&#8211; \u0161\u00edrenie inform\u00e1ci\u00ed o svojej \u010dinnosti v m\u00e9di\u00e1ch, pri\u010dom pr\u00e1vo na v\u00fdber medi\u00e1lnych partnerov si zdru\u017eenie vyhradzuje v z\u00e1vislosti od konkr\u00e9tnych projektov<\/p>\n\n\n\n<p>&nbsp;&nbsp;&#8211;&nbsp; nadv\u00e4zovanie kontaktov s dom\u00e1cimi a zahrani\u010dn\u00fdmi zdru\u017eeniami obdobn\u00e9ho zamerania a charakteru<\/p>\n\n\n\n<p>\u00a0\u00a0\u00a0&#8211; zabezpe\u010dovanie podmienok a finan\u010dn\u00fdch prostriedkov na svoju \u010dinnost zo zdrojov eur\u00f3pskych a mimovl\u00e1dnych organiz\u00e1ci\u00ed, podnikate\u013eskej sf\u00e9ry, z \u010dlensk\u00fdch pr\u00edspevkov a z darov jednotlivcov v s\u00falade so z\u00e1konom<\/p>\n\n\n\n<p>Prezidentka OZ Proforum, Brigita Schm\u00f6gnerov\u00e1<\/p>\n","protected":false},"excerpt":{"rendered":"<p>Na za\u010diatku 21. storo\u010dia sa mus\u00edme vyrovna\u0165 s poznan\u00edm, \u017ee \u017eijeme v inom svete ako doteraz. Tento nov\u00fd svet formuje pokra\u010duj\u00faca globaliz\u00e1cia, roz\u0161irovanie a prehlbovanie eur\u00f3pskej integr\u00e1cie, n\u00e1stup informa\u010dnej revol\u00facie a jej d\u00f4sledkov na ka\u017ed\u00fa str\u00e1nku \u017eivota spolo\u010dnosti, ako aj in\u00e9 z\u00e1va\u017en\u00e9 spolo\u010densk\u00e9 premeny a procesy vlastn\u00e9 slovenskej spolo\u010dnosti. Vyrovna\u0165 sa treba s nimi v [&hellip;]<\/p>\n","protected":false},"author":1,"featured_media":0,"parent":0,"menu_order":0,"comment_status":"closed","ping_status":"closed","template":"","meta":{"_monsterinsights_skip_tracking":false,"_monsterinsights_sitenote_active":false,"_monsterinsights_sitenote_note":"","_monsterinsights_sitenote_category":0,"footnotes":""},"class_list":["post-22","page","type-page","status-publish","hentry"],"yoast_head":"<!-- This site is optimized with the Yoast SEO plugin v22.6 - https:\/\/yoast.com\/wordpress\/plugins\/seo\/ -->\n<title>O n\u00e1s - Proforum<\/title>\n<meta name=\"robots\" content=\"index, follow, max-snippet:-1, max-image-preview:large, max-video-preview:-1\" \/>\n<link rel=\"canonical\" href=\"https:\/\/www.proforum.sk\/?page_id=22\" \/>\n<meta property=\"og:locale\" content=\"sk_SK\" \/>\n<meta property=\"og:type\" content=\"article\" \/>\n<meta property=\"og:title\" content=\"O n\u00e1s - Proforum\" \/>\n<meta property=\"og:description\" content=\"Na za\u010diatku 21. storo\u010dia sa mus\u00edme vyrovna\u0165 s poznan\u00edm, \u017ee \u017eijeme v inom svete ako doteraz. Tento nov\u00fd svet formuje pokra\u010duj\u00faca globaliz\u00e1cia, roz\u0161irovanie a prehlbovanie eur\u00f3pskej integr\u00e1cie, n\u00e1stup informa\u010dnej revol\u00facie a jej d\u00f4sledkov na ka\u017ed\u00fa str\u00e1nku \u017eivota spolo\u010dnosti, ako aj in\u00e9 z\u00e1va\u017en\u00e9 spolo\u010densk\u00e9 premeny a procesy vlastn\u00e9 slovenskej spolo\u010dnosti. Vyrovna\u0165 sa treba s nimi v [&hellip;]\" \/>\n<meta property=\"og:url\" content=\"https:\/\/www.proforum.sk\/?page_id=22\" \/>\n<meta property=\"og:site_name\" content=\"Proforum\" \/>\n<meta property=\"article:modified_time\" content=\"2024-08-08T13:46:34+00:00\" \/>\n<meta property=\"og:image\" content=\"https:\/\/www.proforum.sk\/wp-content\/uploads\/2024\/05\/Foto-BSCH-1.jpg\" \/>\n<meta name=\"twitter:card\" content=\"summary_large_image\" \/>\n<meta name=\"twitter:label1\" content=\"Predpokladan\u00fd \u010das \u010d\u00edtania\" \/>\n\t<meta name=\"twitter:data1\" content=\"3 min\u00faty\" \/>\n<script type=\"application\/ld+json\" class=\"yoast-schema-graph\">{\"@context\":\"https:\/\/schema.org\",\"@graph\":[{\"@type\":\"WebPage\",\"@id\":\"https:\/\/www.proforum.sk\/?page_id=22\",\"url\":\"https:\/\/www.proforum.sk\/?page_id=22\",\"name\":\"O n\u00e1s - Proforum\",\"isPartOf\":{\"@id\":\"https:\/\/www.proforum.sk\/#website\"},\"primaryImageOfPage\":{\"@id\":\"https:\/\/www.proforum.sk\/?page_id=22#primaryimage\"},\"image\":{\"@id\":\"https:\/\/www.proforum.sk\/?page_id=22#primaryimage\"},\"thumbnailUrl\":\"https:\/\/www.proforum.sk\/wp-content\/uploads\/2024\/05\/Foto-BSCH-1.jpg\",\"datePublished\":\"2024-05-08T10:24:50+00:00\",\"dateModified\":\"2024-08-08T13:46:34+00:00\",\"breadcrumb\":{\"@id\":\"https:\/\/www.proforum.sk\/?page_id=22#breadcrumb\"},\"inLanguage\":\"sk-SK\",\"potentialAction\":[{\"@type\":\"ReadAction\",\"target\":[\"https:\/\/www.proforum.sk\/?page_id=22\"]}]},{\"@type\":\"ImageObject\",\"inLanguage\":\"sk-SK\",\"@id\":\"https:\/\/www.proforum.sk\/?page_id=22#primaryimage\",\"url\":\"https:\/\/www.proforum.sk\/wp-content\/uploads\/2024\/05\/Foto-BSCH-1.jpg\",\"contentUrl\":\"https:\/\/www.proforum.sk\/wp-content\/uploads\/2024\/05\/Foto-BSCH-1.jpg\",\"width\":500,\"height\":500},{\"@type\":\"BreadcrumbList\",\"@id\":\"https:\/\/www.proforum.sk\/?page_id=22#breadcrumb\",\"itemListElement\":[{\"@type\":\"ListItem\",\"position\":1,\"name\":\"Home\",\"item\":\"https:\/\/www.proforum.sk\/\"},{\"@type\":\"ListItem\",\"position\":2,\"name\":\"O n\u00e1s\"}]},{\"@type\":\"WebSite\",\"@id\":\"https:\/\/www.proforum.sk\/#website\",\"url\":\"https:\/\/www.proforum.sk\/\",\"name\":\"Proforum\",\"description\":\"\",\"publisher\":{\"@id\":\"https:\/\/www.proforum.sk\/#organization\"},\"potentialAction\":[{\"@type\":\"SearchAction\",\"target\":{\"@type\":\"EntryPoint\",\"urlTemplate\":\"https:\/\/www.proforum.sk\/?s={search_term_string}\"},\"query-input\":\"required name=search_term_string\"}],\"inLanguage\":\"sk-SK\"},{\"@type\":\"Organization\",\"@id\":\"https:\/\/www.proforum.sk\/#organization\",\"name\":\"Proforum\",\"url\":\"https:\/\/www.proforum.sk\/\",\"logo\":{\"@type\":\"ImageObject\",\"inLanguage\":\"sk-SK\",\"@id\":\"https:\/\/www.proforum.sk\/#\/schema\/logo\/image\/\",\"url\":\"https:\/\/www.proforum.sk\/wp-content\/uploads\/2024\/08\/cropped-Logo-Proforum-1.jpg\",\"contentUrl\":\"https:\/\/www.proforum.sk\/wp-content\/uploads\/2024\/08\/cropped-Logo-Proforum-1.jpg\",\"width\":103,\"height\":100,\"caption\":\"Proforum\"},\"image\":{\"@id\":\"https:\/\/www.proforum.sk\/#\/schema\/logo\/image\/\"}}]}<\/script>\n<!-- \/ Yoast SEO plugin. -->","yoast_head_json":{"title":"O n\u00e1s - Proforum","robots":{"index":"index","follow":"follow","max-snippet":"max-snippet:-1","max-image-preview":"max-image-preview:large","max-video-preview":"max-video-preview:-1"},"canonical":"https:\/\/www.proforum.sk\/?page_id=22","og_locale":"sk_SK","og_type":"article","og_title":"O n\u00e1s - Proforum","og_description":"Na za\u010diatku 21. storo\u010dia sa mus\u00edme vyrovna\u0165 s poznan\u00edm, \u017ee \u017eijeme v inom svete ako doteraz. Tento nov\u00fd svet formuje pokra\u010duj\u00faca globaliz\u00e1cia, roz\u0161irovanie a prehlbovanie eur\u00f3pskej integr\u00e1cie, n\u00e1stup informa\u010dnej revol\u00facie a jej d\u00f4sledkov na ka\u017ed\u00fa str\u00e1nku \u017eivota spolo\u010dnosti, ako aj in\u00e9 z\u00e1va\u017en\u00e9 spolo\u010densk\u00e9 premeny a procesy vlastn\u00e9 slovenskej spolo\u010dnosti. Vyrovna\u0165 sa treba s nimi v [&hellip;]","og_url":"https:\/\/www.proforum.sk\/?page_id=22","og_site_name":"Proforum","article_modified_time":"2024-08-08T13:46:34+00:00","og_image":[{"url":"https:\/\/www.proforum.sk\/wp-content\/uploads\/2024\/05\/Foto-BSCH-1.jpg"}],"twitter_card":"summary_large_image","twitter_misc":{"Predpokladan\u00fd \u010das \u010d\u00edtania":"3 min\u00faty"},"schema":{"@context":"https:\/\/schema.org","@graph":[{"@type":"WebPage","@id":"https:\/\/www.proforum.sk\/?page_id=22","url":"https:\/\/www.proforum.sk\/?page_id=22","name":"O n\u00e1s - Proforum","isPartOf":{"@id":"https:\/\/www.proforum.sk\/#website"},"primaryImageOfPage":{"@id":"https:\/\/www.proforum.sk\/?page_id=22#primaryimage"},"image":{"@id":"https:\/\/www.proforum.sk\/?page_id=22#primaryimage"},"thumbnailUrl":"https:\/\/www.proforum.sk\/wp-content\/uploads\/2024\/05\/Foto-BSCH-1.jpg","datePublished":"2024-05-08T10:24:50+00:00","dateModified":"2024-08-08T13:46:34+00:00","breadcrumb":{"@id":"https:\/\/www.proforum.sk\/?page_id=22#breadcrumb"},"inLanguage":"sk-SK","potentialAction":[{"@type":"ReadAction","target":["https:\/\/www.proforum.sk\/?page_id=22"]}]},{"@type":"ImageObject","inLanguage":"sk-SK","@id":"https:\/\/www.proforum.sk\/?page_id=22#primaryimage","url":"https:\/\/www.proforum.sk\/wp-content\/uploads\/2024\/05\/Foto-BSCH-1.jpg","contentUrl":"https:\/\/www.proforum.sk\/wp-content\/uploads\/2024\/05\/Foto-BSCH-1.jpg","width":500,"height":500},{"@type":"BreadcrumbList","@id":"https:\/\/www.proforum.sk\/?page_id=22#breadcrumb","itemListElement":[{"@type":"ListItem","position":1,"name":"Home","item":"https:\/\/www.proforum.sk\/"},{"@type":"ListItem","position":2,"name":"O n\u00e1s"}]},{"@type":"WebSite","@id":"https:\/\/www.proforum.sk\/#website","url":"https:\/\/www.proforum.sk\/","name":"Proforum","description":"","publisher":{"@id":"https:\/\/www.proforum.sk\/#organization"},"potentialAction":[{"@type":"SearchAction","target":{"@type":"EntryPoint","urlTemplate":"https:\/\/www.proforum.sk\/?s={search_term_string}"},"query-input":"required name=search_term_string"}],"inLanguage":"sk-SK"},{"@type":"Organization","@id":"https:\/\/www.proforum.sk\/#organization","name":"Proforum","url":"https:\/\/www.proforum.sk\/","logo":{"@type":"ImageObject","inLanguage":"sk-SK","@id":"https:\/\/www.proforum.sk\/#\/schema\/logo\/image\/","url":"https:\/\/www.proforum.sk\/wp-content\/uploads\/2024\/08\/cropped-Logo-Proforum-1.jpg","contentUrl":"https:\/\/www.proforum.sk\/wp-content\/uploads\/2024\/08\/cropped-Logo-Proforum-1.jpg","width":103,"height":100,"caption":"Proforum"},"image":{"@id":"https:\/\/www.proforum.sk\/#\/schema\/logo\/image\/"}}]}},"_links":{"self":[{"href":"https:\/\/www.proforum.sk\/index.php?rest_route=\/wp\/v2\/pages\/22","targetHints":{"allow":["GET"]}}],"collection":[{"href":"https:\/\/www.proforum.sk\/index.php?rest_route=\/wp\/v2\/pages"}],"about":[{"href":"https:\/\/www.proforum.sk\/index.php?rest_route=\/wp\/v2\/types\/page"}],"author":[{"embeddable":true,"href":"https:\/\/www.proforum.sk\/index.php?rest_route=\/wp\/v2\/users\/1"}],"replies":[{"embeddable":true,"href":"https:\/\/www.proforum.sk\/index.php?rest_route=%2Fwp%2Fv2%2Fcomments&post=22"}],"version-history":[{"count":7,"href":"https:\/\/www.proforum.sk\/index.php?rest_route=\/wp\/v2\/pages\/22\/revisions"}],"predecessor-version":[{"id":173,"href":"https:\/\/www.proforum.sk\/index.php?rest_route=\/wp\/v2\/pages\/22\/revisions\/173"}],"wp:attachment":[{"href":"https:\/\/www.proforum.sk\/index.php?rest_route=%2Fwp%2Fv2%2Fmedia&parent=22"}],"curies":[{"name":"wp","href":"https:\/\/api.w.org\/{rel}","templated":true}]}}